{"id":145913,"date":"2025-03-05T10:12:12","date_gmt":"2025-03-05T10:12:12","guid":{"rendered":"https:\/\/verdespastos.org\/proyectos-nuevo\/"},"modified":"2025-03-12T09:11:30","modified_gmt":"2025-03-12T09:11:30","slug":"proyectos-nuevo","status":"publish","type":"page","link":"https:\/\/verdespastos.org\/es\/proyectos-nuevo\/","title":{"rendered":"Proyectos-nuevo"},"content":{"rendered":"<div class=\"wpb-content-wrapper\"><p>[vc_row row_height_percent=\u00bb85&#8243; override_padding=\u00bbyes\u00bb h_padding=\u00bb2&#8243; top_padding=\u00bb7&#8243; bottom_padding=\u00bb7&#8243; back_color=\u00bbcolor-wayh\u00bb back_image=\u00bb145691&#8243; back_position=\u00bbcenter bottom\u00bb overlay_color=\u00bbcolor-jevc\u00bb overlay_alpha=\u00bb0&#8243; gutter_size=\u00bb3&#8243; column_width_percent=\u00bb100&#8243; shift_y=\u00bb0&#8243; z_index=\u00bb0&#8243; enable_top_divider=\u00bbdefault\u00bb top_divider=\u00bbgradient\u00bb shape_top_h_use_pixel=\u00bbtrue\u00bb shape_top_height_percent=\u00bb100&#8243; shape_top_color=\u00bbcolor-wayh\u00bb shape_top_opacity=\u00bb25&#8243; shape_top_index=\u00bb0&#8243; content_parallax=\u00bb0&#8243; row_name=\u00bbWelcome\u00bb uncode_shortcode_id=\u00bb163330&#8243; back_color_type=\u00bbuncode-palette\u00bb overlay_color_type=\u00bbuncode-palette\u00bb shape_top_color_type=\u00bbuncode-palette\u00bb][vc_column column_width_use_pixel=\u00bbyes\u00bb position_vertical=\u00bbmiddle\u00bb align_horizontal=\u00bbalign_center\u00bb gutter_size=\u00bb3&#8243; style=\u00bbdark\u00bb overlay_alpha=\u00bb50&#8243; shift_x=\u00bb0&#8243; shift_y=\u00bb0&#8243; shift_y_down=\u00bb0&#8243; z_index=\u00bb0&#8243; medium_width=\u00bb0&#8243; mobile_width=\u00bb0&#8243; zoom_width=\u00bb0&#8243; zoom_height=\u00bb0&#8243; width=\u00bb1\/1&#8243; column_width_pixel=\u00bb900&#8243;][vc_custom_heading text_font=\u00bbfont-114434&#8243; text_size=\u00bbfontsize-338686&#8243; text_weight=\u00bb400&#8243; uncode_shortcode_id=\u00bb209479&#8243;]<span class=\"font-114434\">Nuestro proyecto y objetivos<\/span>[\/vc_custom_heading][\/vc_column][\/vc_row][vc_row][vc_column width=\u00bb1\/3&#8243;][vc_custom_heading heading_semantic=\u00bbh6&#8243; text_font=\u00bbfont-136269&#8243; text_size=\u00bbfontsize-160000&#8243; text_transform=\u00bbuppercase\u00bb text_space=\u00bbfontspace-135905&#8243; uncode_shortcode_id=\u00bb186914&#8243; text_color_type=\u00bbuncode-solid\u00bb text_color_solid=\u00bb#bfa286&#8243;]<span class=\"font-114434\">La necesidad<\/span>[\/vc_custom_heading][vc_column_text text_lead=\u00bbyes\u00bb uncode_shortcode_id=\u00bb202994&#8243;]<span class=\"font-114434\">Los campamentos y retiros han sido una parte importante de la historia de la Iglesia aqu\u00ed en las Islas Canarias, pero encontrar un lugar adecuado para estos eventos se ha vuelto cada vez m\u00e1s dif\u00edcil. La gran demanda y los elevados precios de cualquier gran recinto recreativo hacen que cada a\u00f1o surjan nuevos retos para los campistas y los organizadores.<\/span>[\/vc_column_text][\/vc_column][vc_column width=\u00bb1\/3&#8243;][vc_empty_space][vc_column_text text_lead=\u00bbyes\u00bb uncode_shortcode_id=\u00bb182167&#8243;]<span class=\"font-114434\">Nuestra visi\u00f3n es unir a las iglesias de las Islas Canarias para crear un lugar bien equipado especialmente dise\u00f1ado para campamentos, retiros y eventos. <\/span><span class=\"font-114434\">Abierto y disponible para todos los miembros de nuestra sociedad, pero principalmente para servir a las necesidades de la iglesia local.<\/span>[\/vc_column_text][\/vc_column][vc_column width=\u00bb1\/3&#8243;][vc_empty_space empty_h=\u00bb2&#8243;][vc_column_text text_lead=\u00bbyes\u00bb uncode_shortcode_id=\u00bb153885&#8243;]<span class=\"font-114434\">Creemos que un lugar como \u00e9ste tiene que ser autosuficiente a largo plazo y hemos hecho un estudio econ\u00f3mico y creado un plan para conseguirlo. Mira a continuaci\u00f3n algunas de nuestras ideas iniciales sobre c\u00f3mo hacerlo:<\/span>[\/vc_column_text][\/vc_column][\/vc_row][vc_row row_height_percent=\u00bb0&#8243; override_padding=\u00bbyes\u00bb h_padding=\u00bb2&#8243; top_padding=\u00bb1&#8243; bottom_padding=\u00bb0&#8243; back_color=\u00bbcolor-xsdn\u00bb overlay_alpha=\u00bb100&#8243; gutter_size=\u00bb3&#8243; column_width_percent=\u00bb100&#8243; border_color=\u00bbcolor-gyho\u00bb border_style=\u00bbsolid\u00bb shift_y=\u00bb0&#8243; z_index=\u00bb0&#8243; mobile_visibility=\u00bbyes\u00bb content_parallax=\u00bb0&#8243; uncode_shortcode_id=\u00bb115319&#8243; back_color_type=\u00bbuncode-palette\u00bb border_color_type=\u00bbuncode-palette\u00bb][vc_column column_width_percent=\u00bb100&#8243; align_horizontal=\u00bbalign_center\u00bb gutter_size=\u00bb3&#8243; back_color=\u00bbcolor-xsdn\u00bb overlay_alpha=\u00bb100&#8243; shift_x=\u00bb0&#8243; shift_y=\u00bb0&#8243; shift_y_down=\u00bb0&#8243; z_index=\u00bb0&#8243; medium_width=\u00bb0&#8243; mobile_width=\u00bb0&#8243; css_animation=\u00bbalpha-anim\u00bb animation_speed=\u00bb800&#8243; zoom_width=\u00bb0&#8243; zoom_height=\u00bb0&#8243; width=\u00bb1\/1&#8243; uncode_shortcode_id=\u00bb541619&#8243; back_color_type=\u00bbuncode-palette\u00bb][vc_gallery el_id=\u00bbgallery-85457&#8243; type=\u00bbjustified\u00bb medias=\u00bb432,440,436,446,502,444,442&#8243; gallery_back_color=\u00bbcolor-xsdn\u00bb justify_row_height=\u00bb250&#8243; gutter_size=\u00bb3&#8243; media_items=\u00bbmedia|nolink|original\u00bb single_back_color=\u00bbcolor-xsdn\u00bb single_overlay_opacity=\u00bb50&#8243; single_overlay_anim=\u00bbno\u00bb single_text_anim=\u00bbno\u00bb single_image_anim=\u00bbno\u00bb single_padding=\u00bb2&#8243; single_border=\u00bbyes\u00bb title=\u00bbVisi\u00f3n\u00bb uncode_shortcode_id=\u00bb197694&#8243; gallery_back_color_type=\u00bbuncode-palette\u00bb][\/vc_column][\/vc_row][vc_row row_height_percent=\u00bb0&#8243; override_padding=\u00bbyes\u00bb h_padding=\u00bb2&#8243; top_padding=\u00bb2&#8243; bottom_padding=\u00bb4&#8243; overlay_alpha=\u00bb0&#8243; gutter_size=\u00bb100&#8243; column_width_percent=\u00bb100&#8243; shift_y=\u00bb0&#8243; z_index=\u00bb0&#8243; content_parallax=\u00bb0&#8243; style=\u00bbinherited\u00bb uncode_shortcode_id=\u00bb181632&#8243;][vc_column column_width_percent=\u00bb100&#8243; align_horizontal=\u00bbalign_center\u00bb gutter_size=\u00bb3&#8243; font_family=\u00bbfont-846016&#8243; overlay_alpha=\u00bb100&#8243; shift_x=\u00bb0&#8243; shift_y=\u00bb0&#8243; shift_y_down=\u00bb0&#8243; z_index=\u00bb0&#8243; medium_width=\u00bb0&#8243; mobile_width=\u00bb0&#8243; css_animation=\u00bbalpha-anim\u00bb animation_speed=\u00bb800&#8243; zoom_width=\u00bb0&#8243; zoom_height=\u00bb0&#8243; width=\u00bb1\/1&#8243; uncode_shortcode_id=\u00bb187296&#8243;][vc_row_inner row_inner_height_percent=\u00bb0&#8243; overlay_alpha=\u00bb100&#8243; gutter_size=\u00bb4&#8243; shift_y=\u00bb0&#8243; limit_content=\u00bb\u00bb][vc_column_inner column_width_percent=\u00bb100&#8243; gutter_size=\u00bb3&#8243; overlay_alpha=\u00bb100&#8243; shift_x=\u00bb0&#8243; shift_y=\u00bb0&#8243; shift_y_down=\u00bb0&#8243; z_index=\u00bb0&#8243; medium_width=\u00bb3&#8243; mobile_width=\u00bb0&#8243; zoom_width=\u00bb0&#8243; zoom_height=\u00bb0&#8243; width=\u00bb1\/3&#8243;][vc_icon position=\u00bbleft\u00bb icon=\u00bbfa fa-bandcamp\u00bb size=\u00bbfa-2x\u00bb text_font=\u00bbfont-846016&#8243; text_size=\u00bbh4&#8243; text_space=\u00bbfontspace-781688&#8243; add_margin=\u00bbyes\u00bb align=\u00bbleft\u00bb title=\u00bb01.\u00bb uncode_shortcode_id=\u00bb718642&#8243; icon_color_type=\u00bbuncode-solid\u00bb icon_color_solid=\u00bb#bfa286&#8243;]Campamentos, retiros y eventos[\/vc_icon][\/vc_column_inner][vc_column_inner column_width_percent=\u00bb100&#8243; gutter_size=\u00bb3&#8243; overlay_alpha=\u00bb100&#8243; shift_x=\u00bb0&#8243; shift_y=\u00bb0&#8243; z_index=\u00bb0&#8243; medium_width=\u00bb3&#8243; zoom_width=\u00bb0&#8243; zoom_height=\u00bb0&#8243; width=\u00bb1\/3&#8243;][vc_icon position=\u00bbleft\u00bb icon=\u00bbfa fa-group\u00bb size=\u00bbfa-2x\u00bb text_font=\u00bbfont-846016&#8243; text_size=\u00bbh4&#8243; text_space=\u00bbfontspace-781688&#8243; add_margin=\u00bbyes\u00bb align=\u00bbleft\u00bb title=\u00bb02.\u00bb uncode_shortcode_id=\u00bb822661&#8243; icon_color_type=\u00bbuncode-solid\u00bb icon_color_solid=\u00bb#bfa286&#8243;]Vacaciones espirituales y excursiones eclesiales[\/vc_icon][\/vc_column_inner][vc_column_inner column_width_percent=\u00bb100&#8243; gutter_size=\u00bb3&#8243; overlay_alpha=\u00bb100&#8243; shift_x=\u00bb0&#8243; shift_y=\u00bb0&#8243; z_index=\u00bb0&#8243; medium_width=\u00bb3&#8243; zoom_width=\u00bb0&#8243; zoom_height=\u00bb0&#8243; width=\u00bb1\/3&#8243;][vc_icon position=\u00bbleft\u00bb icon=\u00bbfa fa-tools\u00bb size=\u00bbfa-2x\u00bb text_font=\u00bbfont-846016&#8243; text_size=\u00bbh4&#8243; text_space=\u00bbfontspace-781688&#8243; add_margin=\u00bbyes\u00bb align=\u00bbleft\u00bb title=\u00bb03.\u00bb uncode_shortcode_id=\u00bb380712&#8243; icon_color_type=\u00bbuncode-solid\u00bb icon_color_solid=\u00bb#bfa286&#8243;]Alquiler de espacios para talleres, etc.[\/vc_icon][\/vc_column_inner][\/vc_row_inner][vc_row_inner row_inner_height_percent=\u00bb0&#8243; overlay_alpha=\u00bb100&#8243; gutter_size=\u00bb4&#8243; shift_y=\u00bb0&#8243; z_index=\u00bb0&#8243; limit_content=\u00bb\u00bb][vc_column_inner column_width_percent=\u00bb100&#8243; gutter_size=\u00bb3&#8243; overlay_alpha=\u00bb100&#8243; shift_x=\u00bb0&#8243; shift_y=\u00bb0&#8243; z_index=\u00bb0&#8243; medium_width=\u00bb3&#8243; zoom_width=\u00bb0&#8243; zoom_height=\u00bb0&#8243; width=\u00bb1\/3&#8243;][vc_icon position=\u00bbleft\u00bb icon=\u00bbfa fa-user\u00bb size=\u00bbfa-2x\u00bb text_font=\u00bbfont-846016&#8243; text_size=\u00bbh4&#8243; text_space=\u00bbfontspace-781688&#8243; add_margin=\u00bbyes\u00bb align=\u00bbleft\u00bb title=\u00bb04.\u00bb uncode_shortcode_id=\u00bb249887&#8243; icon_color_type=\u00bbuncode-solid\u00bb icon_color_solid=\u00bb#bfa286&#8243;]Estancias intensivas para a\u00f1os sab\u00e1ticos, discipulado y experiencia laboral[\/vc_icon][\/vc_column_inner][vc_column_inner column_width_percent=\u00bb100&#8243; gutter_size=\u00bb3&#8243; overlay_alpha=\u00bb100&#8243; shift_x=\u00bb0&#8243; shift_y=\u00bb0&#8243; z_index=\u00bb0&#8243; medium_width=\u00bb3&#8243; zoom_width=\u00bb0&#8243; zoom_height=\u00bb0&#8243; width=\u00bb1\/3&#8243;][vc_icon position=\u00bbleft\u00bb icon=\u00bbfa fa-messages\u00bb size=\u00bbfa-2x\u00bb text_font=\u00bbfont-846016&#8243; text_size=\u00bbh4&#8243; text_space=\u00bbfontspace-781688&#8243; add_margin=\u00bbyes\u00bb align=\u00bbleft\u00bb title=\u00bb05.\u00bb uncode_shortcode_id=\u00bb620883&#8243; icon_color_type=\u00bbuncode-solid\u00bb icon_color_solid=\u00bb#bfa286&#8243;]Experiencia laboral y ministerial, incorporaci\u00f3n social.[\/vc_icon][\/vc_column_inner][vc_column_inner column_width_percent=\u00bb100&#8243; gutter_size=\u00bb3&#8243; overlay_alpha=\u00bb100&#8243; shift_x=\u00bb0&#8243; shift_y=\u00bb0&#8243; z_index=\u00bb0&#8243; medium_width=\u00bb3&#8243; zoom_width=\u00bb0&#8243; zoom_height=\u00bb0&#8243; width=\u00bb1\/3&#8243;][vc_icon position=\u00bbleft\u00bb icon=\u00bbfa fa-calendar\u00bb size=\u00bbfa-2x\u00bb text_font=\u00bbfont-846016&#8243; text_size=\u00bbh4&#8243; text_space=\u00bbfontspace-781688&#8243; add_margin=\u00bbyes\u00bb align=\u00bbleft\u00bb title=\u00bb06.\u00bb uncode_shortcode_id=\u00bb173282&#8243; icon_color_type=\u00bbuncode-solid\u00bb icon_color_solid=\u00bb#bfa286&#8243;]Planificaci\u00f3n de campamentos tem\u00e1ticos y actos comunitarios especiales[\/vc_icon][\/vc_column_inner][\/vc_row_inner][\/vc_column][\/vc_row][vc_row row_height_percent=\u00bb0&#8243; back_image=\u00bb409&#8243; overlay_color=\u00bbcolor-jevc\u00bb overlay_alpha=\u00bb70&#8243; gutter_size=\u00bb3&#8243; column_width_percent=\u00bb100&#8243; shift_y=\u00bb0&#8243; z_index=\u00bb0&#8243; content_parallax=\u00bb0&#8243; uncode_shortcode_id=\u00bb155958&#8243; overlay_color_type=\u00bbuncode-palette\u00bb][vc_column column_width_percent=\u00bb100&#8243; align_horizontal=\u00bbalign_center\u00bb gutter_size=\u00bb3&#8243; overlay_alpha=\u00bb50&#8243; shift_x=\u00bb0&#8243; shift_y=\u00bb0&#8243; shift_y_down=\u00bb0&#8243; z_index=\u00bb0&#8243; medium_width=\u00bb0&#8243; mobile_width=\u00bb0&#8243; width=\u00bb1\/1&#8243; uncode_shortcode_id=\u00bb959769&#8243;][vc_custom_heading text_color=\u00bbcolor-xsdn\u00bb heading_semantic=\u00bbh3&#8243; text_font=\u00bbfont-114434&#8243; text_size=\u00bbcustom\u00bb text_weight=\u00bb500&#8243; text_transform=\u00bbuppercase\u00bb text_space=\u00bbfontspace-135905&#8243; sub_lead=\u00bbyes\u00bb uncode_shortcode_id=\u00bb445348&#8243; text_color_type=\u00bbuncode-palette\u00bb heading_custom_size=\u00bb25&#8243;]<span class=\"font-114434\">nuestro plan tiene 3 fases<\/span>[\/vc_custom_heading][\/vc_column][\/vc_row][vc_row row_height_percent=\u00bb0&#8243; overlay_alpha=\u00bb50&#8243; gutter_size=\u00bb3&#8243; column_width_percent=\u00bb100&#8243; shift_y=\u00bb0&#8243; z_index=\u00bb0&#8243; mobile_visibility=\u00bbyes\u00bb content_parallax=\u00bb0&#8243; uncode_shortcode_id=\u00bb426896&#8243;][vc_column width=\u00bb1\/4&#8243;][vc_single_image media=\u00bb145856&#8243; media_width_percent=\u00bb100&#8243; shape=\u00bbimg-circle\u00bb uncode_shortcode_id=\u00bb869794&#8243;][vc_empty_space empty_h=\u00bb5&#8243;][vc_empty_space empty_h=\u00bb5&#8243;][vc_empty_space empty_h=\u00bb4&#8243;][vc_single_image media=\u00bb145858&#8243; media_width_percent=\u00bb100&#8243; shape=\u00bbimg-circle\u00bb uncode_shortcode_id=\u00bb403977&#8243;][\/vc_column][vc_column width=\u00bb1\/2&#8243;][vc_empty_space empty_h=\u00bb0&#8243;][vc_column_text text_lead=\u00bbyes\u00bb uncode_shortcode_id=\u00bb979021&#8243;]<span class=\"font-114434\">Compartir nuestra idea con el mundo, buscando oraci\u00f3n y apoyo financiero, recaudando fondos en la medida de lo posible para poder adquirir un lugar adecuado y empezar a trabajar. Establecer<\/span><span class=\"font-114434\">\u00a0buenas conexiones con las iglesias de las Islas Canarias haci\u00e9ndoles saber que pueden contar con nuestros servicios y anim\u00e1ndoles a formar una comunidad que nos ayude a llevar a cabo Verdes Pastos en Tenerife.<\/span>[\/vc_column_text][vc_separator sep_color=\u00bb\u00bb type=\u00bbdotted\u00bb uncode_shortcode_id=\u00bb888666&#8243; el_height=\u00bb15&#8243;][vc_empty_space empty_h=\u00bb3&#8243;][vc_column_text text_lead=\u00bbyes\u00bb uncode_shortcode_id=\u00bb168816&#8243;]<span class=\"font-114434\">Adquirir el local, utilizando lo que tiene, empezamos a rentabilizarlo lo antes posible, empezando con eventos a peque\u00f1a escala y construyendo y renovando gradualmente para dar cabida a m\u00e1s gente y celebrar eventos de mayor capacidad. <\/span><span class=\"font-114434\">Durante este periodo seguiremos contando con el apoyo de iglesias, familias y particulares que quieran invertir, aunque el objetivo es ir retirando la financiaci\u00f3n poco a poco. Habr\u00eda una familia viviendo en el lugar para trabajar a tiempo completo.<\/span>[\/vc_column_text][vc_separator sep_color=\u00bb\u00bb type=\u00bbdotted\u00bb uncode_shortcode_id=\u00bb888666&#8243; el_height=\u00bb15&#8243;][vc_empty_space empty_h=\u00bb3&#8243;][vc_column_text text_lead=\u00bbyes\u00bb uncode_shortcode_id=\u00bb102060&#8243;]<span class=\"font-114434\">El objetivo final es tener un lugar que sea autosuficiente, que funcione siempre con actividades diarias, mensuales y anuales, eventos ocasionales a gran escala \/ internacionales y campamentos para un gran n\u00famero de personas, etc. <\/span><span class=\"font-114434\">Tendr\u00edamos una agenda anual abierta para todos los actos de la iglesia y tambi\u00e9n para individuos, iglesias y grupos que busquen descanso.<\/span>[\/vc_column_text][\/vc_column][vc_column width=\u00bb1\/4&#8243;][vc_empty_space empty_h=\u00bb5&#8243;][vc_empty_space empty_h=\u00bb5&#8243;][vc_single_image media=\u00bb145860&#8243; media_width_percent=\u00bb100&#8243; shape=\u00bbimg-circle\u00bb uncode_shortcode_id=\u00bb127463&#8243;][vc_empty_space][\/vc_column][\/vc_row][vc_row row_height_percent=\u00bb0&#8243; overlay_alpha=\u00bb50&#8243; gutter_size=\u00bb3&#8243; column_width_percent=\u00bb100&#8243; shift_y=\u00bb0&#8243; z_index=\u00bb0&#8243; desktop_visibility=\u00bbyes\u00bb medium_visibility=\u00bbyes\u00bb content_parallax=\u00bb0&#8243; uncode_shortcode_id=\u00bb224503&#8243;][vc_column width=\u00bb1\/1&#8243;][vc_empty_space empty_h=\u00bb0&#8243;][vc_single_image media=\u00bb145856&#8243; media_width_percent=\u00bb50&#8243; alignment=\u00bbcenter\u00bb shape=\u00bbimg-circle\u00bb uncode_shortcode_id=\u00bb138829&#8243;][vc_column_text text_lead=\u00bbyes\u00bb uncode_shortcode_id=\u00bb979021&#8243;]<span class=\"font-114434\">Compartir nuestra idea con el mundo, buscando oraci\u00f3n y apoyo financiero, recaudando fondos en la medida de lo posible para poder adquirir un lugar adecuado y empezar a trabajar. Establecer<\/span><span class=\"font-114434\">\u00a0buenas conexiones con las iglesias de las Islas Canarias haci\u00e9ndoles saber que pueden contar con nuestros servicios y anim\u00e1ndoles a formar una comunidad que nos ayude a llevar a cabo Verdes Pastos en Tenerife.<\/span>[\/vc_column_text][vc_separator sep_color=\u00bb\u00bb type=\u00bbdotted\u00bb uncode_shortcode_id=\u00bb888666&#8243; el_height=\u00bb15&#8243;][vc_empty_space empty_h=\u00bb3&#8243;][vc_single_image media=\u00bb145860&#8243; media_width_percent=\u00bb50&#8243; alignment=\u00bbcenter\u00bb shape=\u00bbimg-circle\u00bb uncode_shortcode_id=\u00bb114816&#8243;][vc_column_text text_lead=\u00bbyes\u00bb uncode_shortcode_id=\u00bb168816&#8243;]<span class=\"font-114434\">Adquirir el local, utilizando lo que tiene, empezamos a rentabilizarlo lo antes posible, empezando con eventos a peque\u00f1a escala y construyendo y renovando gradualmente para dar cabida a m\u00e1s gente y celebrar eventos de mayor capacidad. <\/span><span class=\"font-114434\">Durante este periodo seguiremos contando con el apoyo de iglesias, familias y particulares que quieran invertir, aunque el objetivo es ir retirando la financiaci\u00f3n poco a poco. Habr\u00eda una familia viviendo en el lugar para trabajar a tiempo completo.<\/span>[\/vc_column_text][vc_separator sep_color=\u00bb\u00bb type=\u00bbdotted\u00bb uncode_shortcode_id=\u00bb888666&#8243; el_height=\u00bb15&#8243;][vc_empty_space empty_h=\u00bb3&#8243;][vc_single_image media=\u00bb145858&#8243; media_width_percent=\u00bb50&#8243; alignment=\u00bbcenter\u00bb shape=\u00bbimg-circle\u00bb uncode_shortcode_id=\u00bb311574&#8243;][vc_column_text text_lead=\u00bbyes\u00bb uncode_shortcode_id=\u00bb102060&#8243;]<span class=\"font-114434\">El objetivo final es tener un lugar que sea autosuficiente, que funcione siempre con actividades diarias, mensuales y anuales, eventos ocasionales a gran escala \/ internacionales y campamentos para un gran n\u00famero de personas, etc. <\/span><span class=\"font-114434\">Tendr\u00edamos una agenda anual abierta para todos los actos de la iglesia y tambi\u00e9n para individuos, iglesias y grupos que busquen descanso.<\/span>[\/vc_column_text][\/vc_column][\/vc_row][vc_row row_height_percent=\u00bb0&#8243; override_padding=\u00bbyes\u00bb h_padding=\u00bb2&#8243; top_padding=\u00bb5&#8243; bottom_padding=\u00bb5&#8243; back_color=\u00bbcolor-lxmt\u00bb back_image=\u00bb407&#8243; back_position=\u00bbcenter center\u00bb overlay_color=\u00bbcolor-jevc\u00bb overlay_alpha=\u00bb55&#8243; gutter_size=\u00bb4&#8243; column_width_percent=\u00bb100&#8243; shift_y=\u00bb0&#8243; z_index=\u00bb0&#8243; inverted_device_order=\u00bbyes\u00bb content_parallax=\u00bb0&#8243; uncode_shortcode_id=\u00bb180597&#8243; back_color_type=\u00bbuncode-palette\u00bb overlay_color_type=\u00bbuncode-palette\u00bb][vc_column column_width_percent=\u00bb100&#8243; position_vertical=\u00bbmiddle\u00bb align_horizontal=\u00bbalign_center\u00bb gutter_size=\u00bb3&#8243; style=\u00bbdark\u00bb font_family=\u00bbfont-469684&#8243; overlay_alpha=\u00bb50&#8243; shift_x=\u00bb0&#8243; shift_y=\u00bb0&#8243; shift_y_down=\u00bb0&#8243; z_index=\u00bb0&#8243; medium_width=\u00bb4&#8243; align_mobile=\u00bbalign_center_mobile\u00bb mobile_width=\u00bb0&#8243; width=\u00bb1\/1&#8243; uncode_shortcode_id=\u00bb915500&#8243;][vc_custom_heading text_color=\u00bbcolor-xsdn\u00bb heading_semantic=\u00bbh4&#8243; text_font=\u00bbfont-114434&#8243; text_size=\u00bbcustom\u00bb text_weight=\u00bb500&#8243; text_transform=\u00bbuppercase\u00bb text_space=\u00bbfontspace-135905&#8243; sub_lead=\u00bbyes\u00bb uncode_shortcode_id=\u00bb119358&#8243; text_color_type=\u00bbuncode-palette\u00bb heading_custom_size=\u00bb25&#8243;]Nuestros estatutos[\/vc_custom_heading][vc_button border_width=\u00bb0&#8243; link=\u00bburl:https%3A%2F%2Fverdespastos.org%2Fwp-content%2Fuploads%2F2023%2F11%2FETTOS-VP.pdf\u00bb uncode_shortcode_id=\u00bb212434&#8243;]Ver los estatutos[\/vc_button][\/vc_column][\/vc_row][vc_row][vc_column width=\u00bb1\/1&#8243;][\/vc_column][\/vc_row]<\/p>\n<\/div>","protected":false},"excerpt":{"rendered":"<p>[vc_row row_height_percent=\u00bb85&#8243; override_padding=\u00bbyes\u00bb h_padding=\u00bb2&#8243; top_padding=\u00bb7&#8243; bottom_padding=\u00bb7&#8243; back_color=\u00bbcolor-wayh\u00bb back_image=\u00bb145691&#8243; back_position=\u00bbcenter bottom\u00bb overlay_color=\u00bbcolor-jevc\u00bb overlay_alpha=\u00bb0&#8243; gutter_size=\u00bb3&#8243; column_width_percent=\u00bb100&#8243; shift_y=\u00bb0&#8243; z_index=\u00bb0&#8243; enable_top_divider=\u00bbdefault\u00bb top_divider=\u00bbgradient\u00bb shape_top_h_use_pixel=\u00bbtrue\u00bb shape_top_height_percent=\u00bb100&#8243; [&hellip;]<\/p>\n","protected":false},"author":1,"featured_media":130294,"parent":0,"menu_order":0,"comment_status":"closed","ping_status":"closed","template":"","meta":{"footnotes":""},"class_list":["post-145913","page","type-page","status-publish","has-post-thumbnail","hentry"],"yoast_head":"<!-- This site is optimized with the Yoast SEO plugin v28.4 - https:\/\/yoast.com\/product\/yoast-seo-wordpress\/ -->\n<title>Proyectos-nuevo - Verdes Pastos<\/title>\n<meta name=\"robots\" content=\"index, follow, max-snippet:-1, max-image-preview:large, max-video-preview:-1\" \/>\n<link rel=\"canonical\" href=\"https:\/\/verdespastos.org\/es\/proyectos-nuevo\/\" \/>\n<meta property=\"og:locale\" content=\"es_ES\" \/>\n<meta property=\"og:type\" content=\"article\" \/>\n<meta property=\"og:title\" content=\"Proyectos-nuevo - Verdes Pastos\" \/>\n<meta property=\"og:description\" content=\"[vc_row row_height_percent=\u00bb85&#8243; override_padding=\u00bbyes\u00bb h_padding=\u00bb2&#8243; top_padding=\u00bb7&#8243; bottom_padding=\u00bb7&#8243; back_color=\u00bbcolor-wayh\u00bb back_image=\u00bb145691&#8243; back_position=\u00bbcenter bottom\u00bb overlay_color=\u00bbcolor-jevc\u00bb overlay_alpha=\u00bb0&#8243; gutter_size=\u00bb3&#8243; column_width_percent=\u00bb100&#8243; shift_y=\u00bb0&#8243; z_index=\u00bb0&#8243; enable_top_divider=\u00bbdefault\u00bb top_divider=\u00bbgradient\u00bb shape_top_h_use_pixel=\u00bbtrue\u00bb shape_top_height_percent=\u00bb100&#8243; [&hellip;]\" \/>\n<meta property=\"og:url\" content=\"https:\/\/verdespastos.org\/es\/proyectos-nuevo\/\" \/>\n<meta property=\"og:site_name\" content=\"Verdes Pastos\" \/>\n<meta property=\"article:modified_time\" content=\"2025-03-12T09:11:30+00:00\" \/>\n<meta property=\"og:image\" content=\"https:\/\/verdespastos.org\/wp-content\/uploads\/2024\/09\/demo-homepage-Classic-Agency-Uncode-2023-New.jpg\" \/>\n\t<meta property=\"og:image:width\" content=\"1200\" \/>\n\t<meta property=\"og:image:height\" content=\"800\" \/>\n\t<meta property=\"og:image:type\" content=\"image\/jpeg\" \/>\n<meta name=\"twitter:card\" content=\"summary_large_image\" \/>\n<meta name=\"twitter:label1\" content=\"Tiempo de lectura\" \/>\n\t<meta name=\"twitter:data1\" content=\"5 minutos\" \/>\n<script type=\"application\/ld+json\" class=\"yoast-schema-graph\">{\"@context\":\"https:\\\/\\\/schema.org\",\"@graph\":[{\"@type\":\"WebPage\",\"@id\":\"https:\\\/\\\/verdespastos.org\\\/es\\\/proyectos-nuevo\\\/\",\"url\":\"https:\\\/\\\/verdespastos.org\\\/es\\\/proyectos-nuevo\\\/\",\"name\":\"Proyectos-nuevo - Verdes Pastos\",\"isPartOf\":{\"@id\":\"https:\\\/\\\/verdespastos.org\\\/es\\\/#website\"},\"primaryImageOfPage\":{\"@id\":\"https:\\\/\\\/verdespastos.org\\\/es\\\/proyectos-nuevo\\\/#primaryimage\"},\"image\":{\"@id\":\"https:\\\/\\\/verdespastos.org\\\/es\\\/proyectos-nuevo\\\/#primaryimage\"},\"thumbnailUrl\":\"https:\\\/\\\/verdespastos.org\\\/wp-content\\\/uploads\\\/2024\\\/09\\\/demo-homepage-Classic-Agency-Uncode-2023-New.jpg\",\"datePublished\":\"2025-03-05T10:12:12+00:00\",\"dateModified\":\"2025-03-12T09:11:30+00:00\",\"breadcrumb\":{\"@id\":\"https:\\\/\\\/verdespastos.org\\\/es\\\/proyectos-nuevo\\\/#breadcrumb\"},\"inLanguage\":\"es\",\"potentialAction\":[{\"@type\":\"ReadAction\",\"target\":[\"https:\\\/\\\/verdespastos.org\\\/es\\\/proyectos-nuevo\\\/\"]}]},{\"@type\":\"ImageObject\",\"inLanguage\":\"es\",\"@id\":\"https:\\\/\\\/verdespastos.org\\\/es\\\/proyectos-nuevo\\\/#primaryimage\",\"url\":\"https:\\\/\\\/verdespastos.org\\\/wp-content\\\/uploads\\\/2024\\\/09\\\/demo-homepage-Classic-Agency-Uncode-2023-New.jpg\",\"contentUrl\":\"https:\\\/\\\/verdespastos.org\\\/wp-content\\\/uploads\\\/2024\\\/09\\\/demo-homepage-Classic-Agency-Uncode-2023-New.jpg\",\"width\":1200,\"height\":800,\"caption\":\"Premium agency WordPress theme\"},{\"@type\":\"BreadcrumbList\",\"@id\":\"https:\\\/\\\/verdespastos.org\\\/es\\\/proyectos-nuevo\\\/#breadcrumb\",\"itemListElement\":[{\"@type\":\"ListItem\",\"position\":1,\"name\":\"Inicio\",\"item\":\"https:\\\/\\\/verdespastos.org\\\/es\\\/\"},{\"@type\":\"ListItem\",\"position\":2,\"name\":\"Proyectos-nuevo\"}]},{\"@type\":\"WebSite\",\"@id\":\"https:\\\/\\\/verdespastos.org\\\/es\\\/#website\",\"url\":\"https:\\\/\\\/verdespastos.org\\\/es\\\/\",\"name\":\"Verdes Pastos\",\"description\":\"Verdes Pastos\",\"publisher\":{\"@id\":\"https:\\\/\\\/verdespastos.org\\\/es\\\/#organization\"},\"alternateName\":\"VP\",\"potentialAction\":[{\"@type\":\"SearchAction\",\"target\":{\"@type\":\"EntryPoint\",\"urlTemplate\":\"https:\\\/\\\/verdespastos.org\\\/es\\\/?s={search_term_string}\"},\"query-input\":{\"@type\":\"PropertyValueSpecification\",\"valueRequired\":true,\"valueName\":\"search_term_string\"}}],\"inLanguage\":\"es\"},{\"@type\":\"Organization\",\"@id\":\"https:\\\/\\\/verdespastos.org\\\/es\\\/#organization\",\"name\":\"Verdes Pastos\",\"alternateName\":\"VP\",\"url\":\"https:\\\/\\\/verdespastos.org\\\/es\\\/\",\"logo\":{\"@type\":\"ImageObject\",\"inLanguage\":\"es\",\"@id\":\"https:\\\/\\\/verdespastos.org\\\/es\\\/#\\\/schema\\\/logo\\\/image\\\/\",\"url\":\"https:\\\/\\\/verdespastos.org\\\/wp-content\\\/uploads\\\/2023\\\/08\\\/cropped-Verdes_Pastos_logo.png\",\"contentUrl\":\"https:\\\/\\\/verdespastos.org\\\/wp-content\\\/uploads\\\/2023\\\/08\\\/cropped-Verdes_Pastos_logo.png\",\"width\":512,\"height\":512,\"caption\":\"Verdes Pastos\"},\"image\":{\"@id\":\"https:\\\/\\\/verdespastos.org\\\/es\\\/#\\\/schema\\\/logo\\\/image\\\/\"}}]}<\/script>\n<!-- \/ Yoast SEO plugin. -->","yoast_head_json":{"title":"Proyectos-nuevo - Verdes Pastos","robots":{"index":"index","follow":"follow","max-snippet":"max-snippet:-1","max-image-preview":"max-image-preview:large","max-video-preview":"max-video-preview:-1"},"canonical":"https:\/\/verdespastos.org\/es\/proyectos-nuevo\/","og_locale":"es_ES","og_type":"article","og_title":"Proyectos-nuevo - Verdes Pastos","og_description":"[vc_row row_height_percent=\u00bb85&#8243; override_padding=\u00bbyes\u00bb h_padding=\u00bb2&#8243; top_padding=\u00bb7&#8243; bottom_padding=\u00bb7&#8243; back_color=\u00bbcolor-wayh\u00bb back_image=\u00bb145691&#8243; back_position=\u00bbcenter bottom\u00bb overlay_color=\u00bbcolor-jevc\u00bb overlay_alpha=\u00bb0&#8243; gutter_size=\u00bb3&#8243; column_width_percent=\u00bb100&#8243; shift_y=\u00bb0&#8243; z_index=\u00bb0&#8243; enable_top_divider=\u00bbdefault\u00bb top_divider=\u00bbgradient\u00bb shape_top_h_use_pixel=\u00bbtrue\u00bb shape_top_height_percent=\u00bb100&#8243; [&hellip;]","og_url":"https:\/\/verdespastos.org\/es\/proyectos-nuevo\/","og_site_name":"Verdes Pastos","article_modified_time":"2025-03-12T09:11:30+00:00","og_image":[{"width":1200,"height":800,"url":"https:\/\/verdespastos.org\/wp-content\/uploads\/2024\/09\/demo-homepage-Classic-Agency-Uncode-2023-New.jpg","type":"image\/jpeg"}],"twitter_card":"summary_large_image","twitter_misc":{"Tiempo de lectura":"5 minutos"},"schema":{"@context":"https:\/\/schema.org","@graph":[{"@type":"WebPage","@id":"https:\/\/verdespastos.org\/es\/proyectos-nuevo\/","url":"https:\/\/verdespastos.org\/es\/proyectos-nuevo\/","name":"Proyectos-nuevo - Verdes Pastos","isPartOf":{"@id":"https:\/\/verdespastos.org\/es\/#website"},"primaryImageOfPage":{"@id":"https:\/\/verdespastos.org\/es\/proyectos-nuevo\/#primaryimage"},"image":{"@id":"https:\/\/verdespastos.org\/es\/proyectos-nuevo\/#primaryimage"},"thumbnailUrl":"https:\/\/verdespastos.org\/wp-content\/uploads\/2024\/09\/demo-homepage-Classic-Agency-Uncode-2023-New.jpg","datePublished":"2025-03-05T10:12:12+00:00","dateModified":"2025-03-12T09:11:30+00:00","breadcrumb":{"@id":"https:\/\/verdespastos.org\/es\/proyectos-nuevo\/#breadcrumb"},"inLanguage":"es","potentialAction":[{"@type":"ReadAction","target":["https:\/\/verdespastos.org\/es\/proyectos-nuevo\/"]}]},{"@type":"ImageObject","inLanguage":"es","@id":"https:\/\/verdespastos.org\/es\/proyectos-nuevo\/#primaryimage","url":"https:\/\/verdespastos.org\/wp-content\/uploads\/2024\/09\/demo-homepage-Classic-Agency-Uncode-2023-New.jpg","contentUrl":"https:\/\/verdespastos.org\/wp-content\/uploads\/2024\/09\/demo-homepage-Classic-Agency-Uncode-2023-New.jpg","width":1200,"height":800,"caption":"Premium agency WordPress theme"},{"@type":"BreadcrumbList","@id":"https:\/\/verdespastos.org\/es\/proyectos-nuevo\/#breadcrumb","itemListElement":[{"@type":"ListItem","position":1,"name":"Inicio","item":"https:\/\/verdespastos.org\/es\/"},{"@type":"ListItem","position":2,"name":"Proyectos-nuevo"}]},{"@type":"WebSite","@id":"https:\/\/verdespastos.org\/es\/#website","url":"https:\/\/verdespastos.org\/es\/","name":"Verdes Pastos","description":"Verdes Pastos","publisher":{"@id":"https:\/\/verdespastos.org\/es\/#organization"},"alternateName":"VP","potentialAction":[{"@type":"SearchAction","target":{"@type":"EntryPoint","urlTemplate":"https:\/\/verdespastos.org\/es\/?s={search_term_string}"},"query-input":{"@type":"PropertyValueSpecification","valueRequired":true,"valueName":"search_term_string"}}],"inLanguage":"es"},{"@type":"Organization","@id":"https:\/\/verdespastos.org\/es\/#organization","name":"Verdes Pastos","alternateName":"VP","url":"https:\/\/verdespastos.org\/es\/","logo":{"@type":"ImageObject","inLanguage":"es","@id":"https:\/\/verdespastos.org\/es\/#\/schema\/logo\/image\/","url":"https:\/\/verdespastos.org\/wp-content\/uploads\/2023\/08\/cropped-Verdes_Pastos_logo.png","contentUrl":"https:\/\/verdespastos.org\/wp-content\/uploads\/2023\/08\/cropped-Verdes_Pastos_logo.png","width":512,"height":512,"caption":"Verdes Pastos"},"image":{"@id":"https:\/\/verdespastos.org\/es\/#\/schema\/logo\/image\/"}}]}},"_links":{"self":[{"href":"https:\/\/verdespastos.org\/es\/wp-json\/wp\/v2\/pages\/145913","targetHints":{"allow":["GET"]}}],"collection":[{"href":"https:\/\/verdespastos.org\/es\/wp-json\/wp\/v2\/pages"}],"about":[{"href":"https:\/\/verdespastos.org\/es\/wp-json\/wp\/v2\/types\/page"}],"author":[{"embeddable":true,"href":"https:\/\/verdespastos.org\/es\/wp-json\/wp\/v2\/users\/1"}],"replies":[{"embeddable":true,"href":"https:\/\/verdespastos.org\/es\/wp-json\/wp\/v2\/comments?post=145913"}],"version-history":[{"count":4,"href":"https:\/\/verdespastos.org\/es\/wp-json\/wp\/v2\/pages\/145913\/revisions"}],"predecessor-version":[{"id":145993,"href":"https:\/\/verdespastos.org\/es\/wp-json\/wp\/v2\/pages\/145913\/revisions\/145993"}],"wp:featuredmedia":[{"embeddable":true,"href":"https:\/\/verdespastos.org\/es\/wp-json\/wp\/v2\/media\/130294"}],"wp:attachment":[{"href":"https:\/\/verdespastos.org\/es\/wp-json\/wp\/v2\/media?parent=145913"}],"curies":[{"name":"wp","href":"https:\/\/api.w.org\/{rel}","templated":true}]}}